{"id":19146,"date":"2023-10-09T18:09:14","date_gmt":"2023-10-09T16:09:14","guid":{"rendered":"https:\/\/podologiaeuskadi.com\/orokorra\/"},"modified":"2026-04-21T12:55:34","modified_gmt":"2026-04-21T10:55:34","slug":"orokorra","status":"publish","type":"page","link":"https:\/\/podologiaeuskadi.com\/eu\/orokorra\/","title":{"rendered":"Orokorra"},"content":{"rendered":"<div class=\"wpb-content-wrapper\"><p>[vc_row][vc_column][vc_single_image image=&#8221;18192&#8243; img_size=&#8221;full&#8221; css_animation=&#8221;fadeInUp&#8221;][vc_column_text]<\/p>\n<h2>CGCOP informazioa<\/h2>\n<h3>Podologoen Elkargo Ofizialeko Kontseilu Nagusiaren informazioa<\/h3>\n<h4>Orokorra<\/h4>\n<p><strong>\u2022\u00a0 260421<\/strong> RESP- Berrikusle zientifikoen t<a href=\"https:\/\/mailchi.mp\/37ad86cb8075\/260421-resp-revisoresas-cientficosas\" target=\"_blank\" rel=\"noopener\">aldea handitzea<\/a><br \/>\n<strong>\u2022\u00a0 260408<\/strong> PRAN sarien V. edizioaren <a href=\"https:\/\/resistenciaantibioticos.es\/es\/eventos\/convocatoria-v-edicion-premios-pran\" target=\"_blank\" rel=\"noopener\">deialdia<\/a><br \/>\n<strong>\u2022\u00a0 260318 Sabadellen Bankuaren<\/strong> <a href=\"https:\/\/mailchi.mp\/eefbb2023943\/260318-propuestas-banco-sabadell\" target=\"_blank\" rel=\"noopener\">proposamenak<\/a> Podologiako profesinalentzat (<strong>Instant Credit eta Sanirenting)<\/strong><br \/>\n<strong>\u2022\u00a0 260213<\/strong> CGCOPeren 2026eko martxoko <a href=\"https:\/\/mailchi.mp\/baac75929465\/boletin-cgcop-marzo\" target=\"_blank\" rel=\"noopener\">Newsletter<\/a><br \/>\n<strong>\u2022\u00a0 260213<\/strong> CGCOPeren 2026eko otsaileko <a href=\"https:\/\/mailchi.mp\/7f6ee6f158de\/260213-newsletter-consejo-general-febrero-2026\" target=\"_blank\" rel=\"noopener\">Newsletter<\/a><br \/>\n<strong>\u2022\u00a0 260212<\/strong> Kirola Artikulatzen kongresuaren p<a href=\"https:\/\/mailchi.mp\/d60266192062\/260212-presentacin-de-psteres-congreso-articulando-el-deporte\" target=\"_blank\" rel=\"noopener\">osterrak aurkezteko deialdia<\/a><br \/>\n<strong>\u2022\u00a0 260211 <\/strong><a href=\"https:\/\/mailchi.mp\/039d022d6011\/260211-descuento-repostaje-colegiadosas\" target=\"_blank\" rel=\"noopener\">Erregaia hartzeko deskontua<\/a> elkargokideentzat<br \/>\n<strong>\u2022\u00a0 260202<\/strong> <a href=\"https:\/\/www.revesppod.com\/revista_202536244\" target=\"_blank\" rel=\"noopener\">Revista Espa\u00f1ola de Podolog\u00eda<\/a>-A\u00f1o 2025-Vol.2<br \/>\n<strong>\u2022\u00a0 250605 <\/strong>CGCOPeren 2026eko urtarrileko <a href=\"https:\/\/mailchi.mp\/2b493374c9fb\/newsletter-cgcop-mayo2025-14189215\" target=\"_blank\" rel=\"noopener\">Newsletter<\/a><br \/>\n<strong>\u2022\u00a0 250711<\/strong>\u00a0<a href=\"https:\/\/www.revesppod.com\/revista_202536143\" target=\"_blank\" rel=\"noopener\">Revista Espa\u00f1ola de Podolog\u00eda<\/a> &#8211; A\u00f1o 2025-Vol.1<br \/>\n<strong>\u2022 250605<\/strong> CGCOPeren 2025eko maitzeko <a href=\"https:\/\/mailchi.mp\/50fa33108b8e\/250605-newsletter-consejo-general-may-2025\" target=\"_blank\" rel=\"noopener\">Newsletter<\/a><br \/>\n<strong>\u2022 2500505<\/strong> CGCOPeren 2025eko martxoko eta apirileko <a href=\"https:\/\/mailchi.mp\/a9ed923ab642\/250508-newsletter-consejo-general-mar-abr-2025\" target=\"_blank\" rel=\"noopener\">Newsletter<\/a><br \/>\n<strong>\u2022 250310<\/strong> CGCOPeren 2025eko urtarrileko eta otsaileko <a href=\"https:\/\/mailchi.mp\/51507c618ef8\/newsletter-cgcop-enero-febrero2025-14186389\" target=\"_blank\" rel=\"noopener\">Newsletter<\/a><br \/>\n<strong>\u2022 250123<\/strong> Webinar-Mondragon Unibertsitatea- <strong>SETOP Proiektuari<\/strong> buruzko <a href=\"https:\/\/mailchi.mp\/276b62f3ca73\/190531-muface-isfas-mugeju-renovacin-listadosjunio-diciembre-17991871\" target=\"_blank\" rel=\"noopener\">informazioa\u00a0<\/a><br \/>\n<strong>\u2022 241211 Osasun Digitaleko<\/strong> Sariaren IX. <a href=\"https:\/\/mailchi.mp\/88da105f6c3c\/200331-np-po-losas-podlogosas-atendern-la-urgencias-siempre-que-se-garantice-la-seguridad-podologoek-larrialdi-podolologikoei-erantzungo-diete-1799091\" target=\"_blank\" rel=\"noopener\">Deialdia<\/a><br \/>\n<strong>\u2022 241106<\/strong> CGCOPeren 2024ko iraileko eta urriko <a href=\"https:\/\/mailchi.mp\/8a576669dfba\/newsletter-cgcop-julio-agosto2024-14180297\" target=\"_blank\" rel=\"noopener\">Newsletter<\/a><br \/>\n<strong>\u2022 240903<\/strong> CGCOPeren 2024ko uztaileko eta abustuko <a href=\"https:\/\/mailchi.mp\/8a576669dfba\/newsletter-cgcop-julio-agosto2024-14180297\" target=\"_blank\" rel=\"noopener\">Newsletter<\/a><br \/>\n<strong>\u2022 240702<\/strong> CGCOPeren 2024ko maiatzako eta ekainako <a href=\"https:\/\/mailchi.mp\/45d4d2e29877\/newsletter-cgcop-mayo-junio2024-14178258\" target=\"_blank\" rel=\"noopener\">Newsletter<\/a><br \/>\n<strong>\u2022 240531<\/strong> Kontseilu Nagusiaren 25. urteurreneko Newsletter <a href=\"https:\/\/mailchi.mp\/8b6e5ee0c050\/newsletter-cgcop-especial-25-aniversario\" target=\"_blank\" rel=\"noopener\">Newsletter<\/a> berezia<br \/>\n<strong>\u2022 240506<\/strong> CGCOPeren 2024ko martxoko eta apirileko <a href=\"https:\/\/mailchi.mp\/afbe927ce785\/newsletter-cgcop-marzo-abril2024-14175980\" target=\"_blank\" rel=\"noopener\">Newsletter\u00a0<\/a><br \/>\n\u2022 <strong>240315<\/strong> <strong>Air Europarekin<\/strong> <a href=\"https:\/\/mailchi.mp\/77d0b3e480f5\/200210-batzar-deialdia-convocatoria-asamblea-17966434\" target=\"_blank\" rel=\"noopener\">lankidetza-hitzarmena<\/a> 2024rako<br \/>\n\u2022 <strong>240315<\/strong> <a href=\"https:\/\/podologos.club-affinity.es\/Inicio\" target=\"_blank\" rel=\"noopener\"><strong>Podologoen Kluba<\/strong><\/a> (deskontuak jardueretan, ikuskizunetan, zineman, bidaietan, modan eta elikaduran&#8230;)<br \/>\n<strong>\u2022 240119 Osasun sektorean zibersegurtasunari <\/strong>buruzko <a href=\"https:\/\/www.incibe.es\/empresas\/formacion\/ciberseguridad-para-micropymes-y-autonomos\" target=\"_blank\" rel=\"noopener\">online ikastaro<\/a> irekia<br \/>\n\u2022 <strong>240110<\/strong> CGCOPeren 2023ko azaroko eta abenduko <a href=\"https:\/\/mailchi.mp\/f3dde2b53182\/newsletter-cgcop-septiembre-octubre-13964889\" target=\"_blank\" rel=\"noopener\">newsletter<\/a><br \/>\n\u2022 <strong>231227<\/strong> Elkargokideen kontsultak\/zentroak <strong>Zentro, Zerbitzu eta Establezimendu Sanitarioen Estatuko Erregistroan<\/strong>&#8211;<a href=\"https:\/\/regcess.mscbs.es\/regcessWeb\/inicioBuscarCentrosAction.do\" target=\"_blank\" rel=\"noopener\">REGCESS<\/a>&#8211; <a href=\"https:\/\/mailchi.mp\/e6801d5e6e7d\/231227-registro-estatal-de-centros-servicios-y-establecimientos-sanitarios-regcess-zentro-zerbitzu-eta-establezimendu-sanitarioen-estatuko-erregistroa\" target=\"_blank\" rel=\"noopener\">egiaztatzeko eskaera<\/a><br \/>\n\u2022 <strong>231222<\/strong> CNP 53.aren ahozko txostenak eta posterrak aurkezteko<a href=\"https:\/\/mailchi.mp\/8b2eb9e4f785\/200331-np-po-losas-podlogosas-atendern-la-urgencias-siempre-que-se-garantice-la-seguridad-podologoek-larrialdi-podolologikoei-erantzungo-diete-1511707\" target=\"_blank\" rel=\"noopener\">\u00a0epea zabalik<\/a><br \/>\n\u2022 <strong>231220<\/strong> 2024ko Ikerketa Biomediko Aurrekliniko eta Klinikoko <a href=\"https:\/\/mailchi.mp\/ed44223304ea\/200331-np-po-losas-podlogosas-atendern-la-urgencias-siempre-que-se-garantice-la-seguridad-podologoek-larrialdi-podolologikoei-erantzungo-diete-1511675\">Lilly Fundazioaren sariak<\/a><br \/>\n\u2022 <strong>231108<\/strong> CGCOPeren 2023ko iraileko eta urriko <a href=\"https:\/\/mailchi.mp\/3f0fc5a5a8d2\/newsletter-cgcop-septiembre-octubre-13954337\" target=\"_blank\" rel=\"noopener\">newsletter<\/a><br \/>\n\u2022 <strong>230919<\/strong> Virginia Novel sariaren 5. edizioko <a href=\"https:\/\/cgcop.es\/wp-content\/uploads\/2022\/09\/COMUNICACION-GANADOR-IV-PREMIO-VIRGINIA-NOVEL.pdf\" target=\"_blank\" rel=\"noopener\">irabazlea<\/a><br \/>\n\u2022<strong> 230914<\/strong> CGCOPeren 2023ko uztaileko eta abuztuko <a href=\"https:\/\/us17.campaign-archive.com\/?e=__test_email__&amp;u=051ee59214b42e8bf495e0ad3&amp;id=fe6519bce2\" target=\"_blank\" rel=\"noopener\">newsletter<\/a><br \/>\n\u2022 <strong>230721<\/strong> Virginia Novel sariaren <a href=\"https:\/\/cgcop.es\/virginia-novel\/\" target=\"_blank\" rel=\"noopener\">deialdia<\/a><br \/>\n\u2022 <strong>230602<\/strong> PRAN <a href=\"https:\/\/mailchi.mp\/aemps.es\/boletin-pran-febrero-13422804?e=6090c6c934\" target=\"_blank\" rel=\"noopener\">buletina<\/a> &#8211; Maiatza 2023<br \/>\n<strong>\u2022 230503 Kontsulten iraunkortasun<\/strong> mailari buruzko<a href=\"https:\/\/podologiaeuskadi.com\/wp-content\/uploads\/2023\/07\/230502_E186_Consejo_Difusi\u0e02n_encuesta_Sostenibilidad_Consultas-30.pdf\" target=\"_blank\" rel=\"noopener\"> inkestan laguntzea<\/a><br \/>\n\u2022 <strong>230504<\/strong> CGCOPeko 2023ko uztaileko eta abuztuko <a href=\"https:\/\/us17.campaign-archive.com\/?e=__test_email__&amp;u=051ee59214b42e8bf495e0ad3&amp;id=fe6519bce2\" target=\"_blank\" rel=\"noopener\">newsletter<\/a><br \/>\n\u2022 <strong>230413<\/strong> <strong>Oin diabetikoaren unitateri<\/strong> buruzko<a href=\"https:\/\/podologiaeuskadi.com\/wp-content\/uploads\/2023\/07\/230413_Consejo_Cuestionario_Ubidades_Pie_Diab\u201atico-31.pdf\" target=\"_blank\" rel=\"noopener\"> galdetegia<\/a><br \/>\n<strong>\u2022 230412<\/strong> Antibiotikoekiko Erresistentziaren Plan Nazionala (<a href=\"https:\/\/mcusercontent.com\/e870adfccab74ac2ad0acc429\/files\/5fdf8479-de4d-b42b-9f33-c74b900e589e\/230424_E175_Consejo_Plan_Nacional_Frente_a_la_Resistencia_a_los_Antibi%C3%B3ticos_2022_2024..pdf\" target=\"_blank\" rel=\"noopener\">PRAN<\/a>) &#8211; <a href=\"https:\/\/podologiaeuskadi.com\/wp-content\/uploads\/2024\/01\/230412_Consejo_Carta_PRAN_.pdf\" target=\"_blank\" rel=\"noopener\">Gutuna<\/a><br \/>\n\u2022 <strong>230215<\/strong> CNP 52.aren ahozko aurkezpenen eta aurkezpen multimedien<a href=\"https:\/\/podologiaeuskadi.com\/wp-content\/uploads\/2023\/07\/230215-Abierto-Plazo-Presentaciones-Orales-y-Multimedia-52-CNP-Epe-Irekia-Ahozko-eta-Mu-32.pdf\" target=\"_blank\" rel=\"noopener\"> epea zabalik<\/a><br \/>\n\u2022 <strong>220303<\/strong> Laguntza UKRAINAri (<a href=\"https:\/\/podologiaeuskadi.com\/wp-content\/uploads\/2023\/07\/220303-Crowdfunding-ayuda-Ucrania-33.pdf\" target=\"_blank\" rel=\"noopener\">&#8220;crowdfunding&#8221;) <\/a>osasun-materiala erosteko<br \/>\n\u2022 <strong>230209<\/strong> Podologia solidariorako laguntzen <a href=\"https:\/\/mcusercontent.com\/e870adfccab74ac2ad0acc429\/files\/43d280fa-3945-57a5-4956-107ba1353319\/230208_Consejo_BASES_PODOLOGIA_SOLIDARIA.v4.pdf\" target=\"_blank\" rel=\"noopener\">oinarriak<\/a> \u2013 <a href=\"https:\/\/podologiaeuskadi.com\/wp-content\/uploads\/2024\/01\/230404-E140-Consejo-Premiados-Podologia-Solidaria-2023.pdf\" target=\"_blank\" rel=\"noopener\">Sarituak<\/a> (2023.04.04)<br \/>\n\u2022 <strong>220128 <\/strong><a href=\"https:\/\/podologiaeuskadi.com\/wp-content\/uploads\/2023\/07\/220126-Consejo-Novedades-Tributarias-34.pdf\" target=\"_blank\" rel=\"noopener\">L<\/a>anbide Batasunak Gizarte Segurantzarako eman dituen kotizazioen eta zerga-arloko azken berritasunei eta aldaketei buruzko<a href=\"https:\/\/podologiaeuskadi.com\/wp-content\/uploads\/2023\/07\/220126-Consejo-Novedades-Tributarias-34.pdf\" target=\"_blank\" rel=\"noopener\"> informazioa<\/a><br \/>\n\u2022 <strong>210602 <\/strong>CCOOrekiko lankidetza-hitzarmena eta Lanbide Antolamenduko zuzendari nagusiari bidalitako <a href=\"https:\/\/podologiaeuskadi.com\/wp-content\/uploads\/2023\/07\/210602-Consejo-Convenio-Colaboracion-con-CCOO-35.pdf\" target=\"_blank\" rel=\"noopener\">gutuna<\/a><br \/>\n\u2022 <strong>210518 <\/strong>COPOCAT-II Podologiako Jardunaldi Zientifikoa -Online-<a href=\"https:\/\/podologiaeuskadi.com\/wp-content\/uploads\/2023\/07\/210518-Programa-II-Jornada-en-linea-22-05-21-1-36.pdf\" target=\"_blank\" rel=\"noopener\"> Programa<\/a><br \/>\n\u2022 <strong>210513 <\/strong>Irakasle administrariaren eta UCMren plazen deialdiari buruzko <a href=\"https:\/\/podologiaeuskadi.com\/wp-content\/uploads\/2023\/07\/210513-Consejo-Convocatoria-Plazas-Profesor-Adjunto-UCM-Irakasle-atxiki-izateko-lanpostuetarako-deialdia-37.pdf\" target=\"_blank\" rel=\"noopener\">informazioa<\/a><br \/>\n\u2022 <strong>210429<\/strong> EJSN kodeari buruzko<a href=\"https:\/\/podologiaeuskadi.com\/wp-content\/uploads\/2023\/07\/210428-E230-Consejo-Informacion-CNAE-Podologia-38.pdf\" target=\"_blank\" rel=\"noopener\"> informazioa <\/a>autonomoentzako laguntzak eskatzeko, Covid-19agatik<br \/>\n\u2022 <strong>210302<\/strong> Oineko infekzioen<a href=\"https:\/\/podologiaeuskadi.com\/wp-content\/uploads\/2023\/07\/210303-Seminario-Infecciones-del-Pie-Oineko-Infekzioen-Mintegia-40.pdf\" target=\"_blank\" rel=\"noopener\"> mintegi monografikoa<\/a><br \/>\n\u2022 <strong>201216 <\/strong>Test azkar antigenoei buruzko<a href=\"https:\/\/podologiaeuskadi.com\/wp-content\/uploads\/2023\/07\/201215-TEST-RAPIDOS-41.pdf\" target=\"_blank\" rel=\"noopener\"> informazioa<\/a> y AEMPSren i<a href=\"https:\/\/podologiaeuskadi.com\/wp-content\/uploads\/2023\/07\/201120-AEMPS-test-rapidos-42.pdf\" target=\"_blank\" rel=\"noopener\">nformazio-oharra<\/a><br \/>\n\u2022 <strong>201120<\/strong> Podologia osasun publikoan sartzearen aldeko Change.org kanpainarako <a href=\"https:\/\/podologiaeuskadi.com\/wp-content\/uploads\/2023\/07\/201120-Infografia-Change.org-43.pdf\" target=\"_blank\" rel=\"noopener\">infografia<\/a><br \/>\n\u2022 <strong>201015 <\/strong>UNESPA \u2013 COVID-19aren aurkako doako babesaren xehetasun guztiak azaltzeko<a href=\"https:\/\/www.unespa.es\/que-hacemos\/coronavirus\/preguntas-y-respuestas\/\" target=\"_blank\" rel=\"noopener\"> ekimen solidarioa o<\/a>sasun-langileentzat<br \/>\n\u2022 <strong>200701<\/strong> <a href=\"https:\/\/podologiaeuskadi.com\/wp-content\/uploads\/2023\/07\/Infografia-Dedo-Martillo-45.pdf\" target=\"_blank\" rel=\"noopener\">Infograf\u00eda- <\/a>Mailu behatza.<br \/>\n\u2022 <strong>191008<\/strong> <a href=\"https:\/\/podologiaeuskadi.com\/wp-content\/uploads\/2023\/07\/191007-Consejo_IPD_Press-Release-corregida-46.pdf\" target=\"_blank\" rel=\"noopener\">Podologiaren nazioarteko eguna<\/a> &#8211; 2019ko urriaren 8a<br \/>\n\u2022 <strong>190730<\/strong> <a href=\"https:\/\/podologiaeuskadi.com\/wp-content\/uploads\/2023\/07\/190729-Consejo-ComunicacionPremioGanador-VirginiaNovel-47.pdf\" target=\"_blank\" rel=\"noopener\">Virginia Novel sariaren lehen edizioan aurkeztutako lanak berrikustea eta &#8220;Hidratazioa orpoko larruazalaren aldean: saiakuntza klinikoa&#8221; izenekoari esleitutako lanak erabakitzea<\/a><br \/>\n\u2022 <strong>190730<\/strong> Virginia Novel sariaren lehen edizioko irabazlearen <a href=\"https:\/\/podologiaeuskadi.com\/wp-content\/uploads\/2023\/07\/190729-Consejo-CartaPremio-VirginiaNovel-48.pdf\" target=\"_blank\" rel=\"noopener\">jakinarazpena<\/a><br \/>\n\u2022 <strong>190228<\/strong> <a href=\"https:\/\/podologiaeuskadi.com\/wp-content\/uploads\/2023\/07\/190225-CONSEJO-PROYECTO-POINT-49.pdf\" target=\"_blank\" rel=\"noopener\">POINT PROIEKTUA garatzea <\/a>\u2013 Oin diabetikoko nazioarteko taldeentzako podologia-trebetasunetan trebatzeko ekimena.\u00a0 Proiektuaren <a href=\"https:\/\/podologiaeuskadi.com\/wp-content\/uploads\/2023\/07\/190225-CONSEJO-INFORMACION-PROYECTO-POINT-50.pdf\" target=\"_blank\" rel=\"noopener\">informazio-gutuna.<\/a><br \/>\n\u2022 <strong>190215<\/strong> <a href=\"https:\/\/www.fip.global\/\" target=\"_blank\" rel=\"noopener\">FIP F\u00e9d\u00e9ration Internationale des Podologues\/ IFP International Federation of Podiatrists<\/a><br \/>\n\u2022 <strong>190103<\/strong> <a href=\"https:\/\/podologiaeuskadi.com\/wp-content\/uploads\/2023\/07\/190102-Consejo-DEFINICION-DOCTOR-RAE-52.pdf\" target=\"_blank\" rel=\"noopener\">D<\/a>oktorearen <a href=\"https:\/\/podologiaeuskadi.com\/wp-content\/uploads\/2023\/07\/190102-Consejo-DEFINICION-DOCTOR-RAE-52.pdf\" target=\"_blank\" rel=\"noopener\">definizioa <\/a>RAEren arabera<\/p>\n<\/div>","protected":false},"excerpt":{"rendered":"<p>[vc_row][vc_column][vc_single_image image=&#8221;18192&#8243; img_size=&#8221;full&#8221; css_animation=&#8221;fadeInUp&#8221;][vc_column_text] CGCOP informazioa Podologoen Elkargo Ofizialeko Kontseilu Nagusiaren informazioa Orokorra \u2022\u00a0 260421 RESP- Berrikusle zientifikoen taldea handitzea \u2022\u00a0 260408 PRAN sarien V. edizioaren deialdia \u2022\u00a0 260318 Sabadellen Bankuaren proposamenak Podologiako profesinalentzat (Instant Credit eta Sanirenting) \u2022\u00a0 260213 CGCOPeren 2026eko martxoko Newsletter \u2022\u00a0 260213 CGCOPeren 2026eko otsaileko Newsletter \u2022\u00a0 260212 Kirola Artikulatzen kongresuaren&hellip;<\/p>\n","protected":false},"author":1,"featured_media":0,"parent":0,"menu_order":0,"comment_status":"closed","ping_status":"closed","template":"","meta":{"footnotes":""},"class_list":["post-19146","page","type-page","status-publish","hentry","description-off"],"yoast_head":"<!-- This site is optimized with the Yoast SEO plugin v27.4 - https:\/\/yoast.com\/product\/yoast-seo-wordpress\/ -->\n<title>Orokorra - Colegio Oficial de Podolog\u00eda de Pa\u00eds Vasco<\/title>\n<meta name=\"robots\" content=\"index, follow, max-snippet:-1, max-image-preview:large, max-video-preview:-1\" \/>\n<link rel=\"canonical\" href=\"https:\/\/podologiaeuskadi.com\/eu\/orokorra\/\" \/>\n<meta property=\"og:locale\" content=\"eu_ES\" \/>\n<meta property=\"og:type\" content=\"article\" \/>\n<meta property=\"og:title\" content=\"Orokorra - Colegio Oficial de Podolog\u00eda de Pa\u00eds Vasco\" \/>\n<meta property=\"og:description\" content=\"[vc_row][vc_column][vc_single_image image=&#8221;18192&#8243; img_size=&#8221;full&#8221; css_animation=&#8221;fadeInUp&#8221;][vc_column_text] CGCOP informazioa Podologoen Elkargo Ofizialeko Kontseilu Nagusiaren informazioa Orokorra \u2022\u00a0 260421 RESP- Berrikusle zientifikoen taldea handitzea \u2022\u00a0 260408 PRAN sarien V. edizioaren deialdia \u2022\u00a0 260318 Sabadellen Bankuaren proposamenak Podologiako profesinalentzat (Instant Credit eta Sanirenting) \u2022\u00a0 260213 CGCOPeren 2026eko martxoko Newsletter \u2022\u00a0 260213 CGCOPeren 2026eko otsaileko Newsletter \u2022\u00a0 260212 Kirola Artikulatzen kongresuaren&hellip;\" \/>\n<meta property=\"og:url\" content=\"https:\/\/podologiaeuskadi.com\/eu\/orokorra\/\" \/>\n<meta property=\"og:site_name\" content=\"Colegio Oficial de Podolog\u00eda de Pa\u00eds Vasco\" \/>\n<meta property=\"article:publisher\" content=\"https:\/\/www.facebook.com\/ColegioPodologosEuskadi\/\" \/>\n<meta property=\"article:modified_time\" content=\"2026-04-21T10:55:34+00:00\" \/>\n<meta name=\"twitter:card\" content=\"summary_large_image\" \/>\n<meta name=\"twitter:site\" content=\"@CPodologos\" \/>\n<meta name=\"twitter:label1\" content=\"Est. reading time\" \/>\n\t<meta name=\"twitter:data1\" content=\"3 minutes\" \/>\n<script type=\"application\/ld+json\" class=\"yoast-schema-graph\">{\"@context\":\"https:\\\/\\\/schema.org\",\"@graph\":[{\"@type\":\"WebPage\",\"@id\":\"https:\\\/\\\/podologiaeuskadi.com\\\/eu\\\/orokorra\\\/\",\"url\":\"https:\\\/\\\/podologiaeuskadi.com\\\/eu\\\/orokorra\\\/\",\"name\":\"Orokorra - Colegio Oficial de Podolog\u00eda de Pa\u00eds Vasco\",\"isPartOf\":{\"@id\":\"https:\\\/\\\/podologiaeuskadi.com\\\/#website\"},\"datePublished\":\"2023-10-09T16:09:14+00:00\",\"dateModified\":\"2026-04-21T10:55:34+00:00\",\"breadcrumb\":{\"@id\":\"https:\\\/\\\/podologiaeuskadi.com\\\/eu\\\/orokorra\\\/#breadcrumb\"},\"inLanguage\":\"eu-ES\",\"potentialAction\":[{\"@type\":\"ReadAction\",\"target\":[\"https:\\\/\\\/podologiaeuskadi.com\\\/eu\\\/orokorra\\\/\"]}]},{\"@type\":\"BreadcrumbList\",\"@id\":\"https:\\\/\\\/podologiaeuskadi.com\\\/eu\\\/orokorra\\\/#breadcrumb\",\"itemListElement\":[{\"@type\":\"ListItem\",\"position\":1,\"name\":\"Portada\",\"item\":\"https:\\\/\\\/podologiaeuskadi.com\\\/eu\\\/\"},{\"@type\":\"ListItem\",\"position\":2,\"name\":\"Orokorra\"}]},{\"@type\":\"WebSite\",\"@id\":\"https:\\\/\\\/podologiaeuskadi.com\\\/#website\",\"url\":\"https:\\\/\\\/podologiaeuskadi.com\\\/\",\"name\":\"Colegio Oficial de Pod\u00f3logos del Pa\u00eds Vasco\",\"description\":\"Colegio Oficial de Podolog\u00eda de Pa\u00eds Vasco\",\"publisher\":{\"@id\":\"https:\\\/\\\/podologiaeuskadi.com\\\/#organization\"},\"potentialAction\":[{\"@type\":\"SearchAction\",\"target\":{\"@type\":\"EntryPoint\",\"urlTemplate\":\"https:\\\/\\\/podologiaeuskadi.com\\\/?s={search_term_string}\"},\"query-input\":{\"@type\":\"PropertyValueSpecification\",\"valueRequired\":true,\"valueName\":\"search_term_string\"}}],\"inLanguage\":\"eu-ES\"},{\"@type\":\"Organization\",\"@id\":\"https:\\\/\\\/podologiaeuskadi.com\\\/#organization\",\"name\":\"Colegio Oficial de Pod\u00f3logos del Pa\u00eds Vasco\",\"url\":\"https:\\\/\\\/podologiaeuskadi.com\\\/\",\"logo\":{\"@type\":\"ImageObject\",\"inLanguage\":\"eu-ES\",\"@id\":\"https:\\\/\\\/podologiaeuskadi.com\\\/#\\\/schema\\\/logo\\\/image\\\/\",\"url\":\"https:\\\/\\\/podologiaeuskadi.com\\\/wp-content\\\/uploads\\\/2024\\\/04\\\/240423-col-podologos-2.jpg\",\"contentUrl\":\"https:\\\/\\\/podologiaeuskadi.com\\\/wp-content\\\/uploads\\\/2024\\\/04\\\/240423-col-podologos-2.jpg\",\"width\":1660,\"height\":822,\"caption\":\"Colegio Oficial de Pod\u00f3logos del Pa\u00eds Vasco\"},\"image\":{\"@id\":\"https:\\\/\\\/podologiaeuskadi.com\\\/#\\\/schema\\\/logo\\\/image\\\/\"},\"sameAs\":[\"https:\\\/\\\/www.facebook.com\\\/ColegioPodologosEuskadi\\\/\",\"https:\\\/\\\/x.com\\\/CPodologos\",\"https:\\\/\\\/www.youtube.com\\\/@colegiopodologosdelpaisvas9357\"]}]}<\/script>\n<!-- \/ Yoast SEO plugin. -->","yoast_head_json":{"title":"Orokorra - Colegio Oficial de Podolog\u00eda de Pa\u00eds Vasco","robots":{"index":"index","follow":"follow","max-snippet":"max-snippet:-1","max-image-preview":"max-image-preview:large","max-video-preview":"max-video-preview:-1"},"canonical":"https:\/\/podologiaeuskadi.com\/eu\/orokorra\/","og_locale":"eu_ES","og_type":"article","og_title":"Orokorra - Colegio Oficial de Podolog\u00eda de Pa\u00eds Vasco","og_description":"[vc_row][vc_column][vc_single_image image=&#8221;18192&#8243; img_size=&#8221;full&#8221; css_animation=&#8221;fadeInUp&#8221;][vc_column_text] CGCOP informazioa Podologoen Elkargo Ofizialeko Kontseilu Nagusiaren informazioa Orokorra \u2022\u00a0 260421 RESP- Berrikusle zientifikoen taldea handitzea \u2022\u00a0 260408 PRAN sarien V. edizioaren deialdia \u2022\u00a0 260318 Sabadellen Bankuaren proposamenak Podologiako profesinalentzat (Instant Credit eta Sanirenting) \u2022\u00a0 260213 CGCOPeren 2026eko martxoko Newsletter \u2022\u00a0 260213 CGCOPeren 2026eko otsaileko Newsletter \u2022\u00a0 260212 Kirola Artikulatzen kongresuaren&hellip;","og_url":"https:\/\/podologiaeuskadi.com\/eu\/orokorra\/","og_site_name":"Colegio Oficial de Podolog\u00eda de Pa\u00eds Vasco","article_publisher":"https:\/\/www.facebook.com\/ColegioPodologosEuskadi\/","article_modified_time":"2026-04-21T10:55:34+00:00","twitter_card":"summary_large_image","twitter_site":"@CPodologos","twitter_misc":{"Est. reading time":"3 minutes"},"schema":{"@context":"https:\/\/schema.org","@graph":[{"@type":"WebPage","@id":"https:\/\/podologiaeuskadi.com\/eu\/orokorra\/","url":"https:\/\/podologiaeuskadi.com\/eu\/orokorra\/","name":"Orokorra - Colegio Oficial de Podolog\u00eda de Pa\u00eds Vasco","isPartOf":{"@id":"https:\/\/podologiaeuskadi.com\/#website"},"datePublished":"2023-10-09T16:09:14+00:00","dateModified":"2026-04-21T10:55:34+00:00","breadcrumb":{"@id":"https:\/\/podologiaeuskadi.com\/eu\/orokorra\/#breadcrumb"},"inLanguage":"eu-ES","potentialAction":[{"@type":"ReadAction","target":["https:\/\/podologiaeuskadi.com\/eu\/orokorra\/"]}]},{"@type":"BreadcrumbList","@id":"https:\/\/podologiaeuskadi.com\/eu\/orokorra\/#breadcrumb","itemListElement":[{"@type":"ListItem","position":1,"name":"Portada","item":"https:\/\/podologiaeuskadi.com\/eu\/"},{"@type":"ListItem","position":2,"name":"Orokorra"}]},{"@type":"WebSite","@id":"https:\/\/podologiaeuskadi.com\/#website","url":"https:\/\/podologiaeuskadi.com\/","name":"Colegio Oficial de Pod\u00f3logos del Pa\u00eds Vasco","description":"Colegio Oficial de Podolog\u00eda de Pa\u00eds Vasco","publisher":{"@id":"https:\/\/podologiaeuskadi.com\/#organization"},"potentialAction":[{"@type":"SearchAction","target":{"@type":"EntryPoint","urlTemplate":"https:\/\/podologiaeuskadi.com\/?s={search_term_string}"},"query-input":{"@type":"PropertyValueSpecification","valueRequired":true,"valueName":"search_term_string"}}],"inLanguage":"eu-ES"},{"@type":"Organization","@id":"https:\/\/podologiaeuskadi.com\/#organization","name":"Colegio Oficial de Pod\u00f3logos del Pa\u00eds Vasco","url":"https:\/\/podologiaeuskadi.com\/","logo":{"@type":"ImageObject","inLanguage":"eu-ES","@id":"https:\/\/podologiaeuskadi.com\/#\/schema\/logo\/image\/","url":"https:\/\/podologiaeuskadi.com\/wp-content\/uploads\/2024\/04\/240423-col-podologos-2.jpg","contentUrl":"https:\/\/podologiaeuskadi.com\/wp-content\/uploads\/2024\/04\/240423-col-podologos-2.jpg","width":1660,"height":822,"caption":"Colegio Oficial de Pod\u00f3logos del Pa\u00eds Vasco"},"image":{"@id":"https:\/\/podologiaeuskadi.com\/#\/schema\/logo\/image\/"},"sameAs":["https:\/\/www.facebook.com\/ColegioPodologosEuskadi\/","https:\/\/x.com\/CPodologos","https:\/\/www.youtube.com\/@colegiopodologosdelpaisvas9357"]}]}},"_links":{"self":[{"href":"https:\/\/podologiaeuskadi.com\/eu\/wp-json\/wp\/v2\/pages\/19146","targetHints":{"allow":["GET"]}}],"collection":[{"href":"https:\/\/podologiaeuskadi.com\/eu\/wp-json\/wp\/v2\/pages"}],"about":[{"href":"https:\/\/podologiaeuskadi.com\/eu\/wp-json\/wp\/v2\/types\/page"}],"author":[{"embeddable":true,"href":"https:\/\/podologiaeuskadi.com\/eu\/wp-json\/wp\/v2\/users\/1"}],"replies":[{"embeddable":true,"href":"https:\/\/podologiaeuskadi.com\/eu\/wp-json\/wp\/v2\/comments?post=19146"}],"version-history":[{"count":5,"href":"https:\/\/podologiaeuskadi.com\/eu\/wp-json\/wp\/v2\/pages\/19146\/revisions"}],"predecessor-version":[{"id":22839,"href":"https:\/\/podologiaeuskadi.com\/eu\/wp-json\/wp\/v2\/pages\/19146\/revisions\/22839"}],"wp:attachment":[{"href":"https:\/\/podologiaeuskadi.com\/eu\/wp-json\/wp\/v2\/media?parent=19146"}],"curies":[{"name":"wp","href":"https:\/\/api.w.org\/{rel}","templated":true}]}}